{"id":85,"date":"2025-10-25T18:44:59","date_gmt":"2025-10-25T18:44:59","guid":{"rendered":"https:\/\/preservandogeneraciones.org\/?page_id=85"},"modified":"2026-02-04T18:02:23","modified_gmt":"2026-02-04T18:02:23","slug":"home","status":"publish","type":"page","link":"https:\/\/preservandogeneraciones.org\/","title":{"rendered":"Home"},"content":{"rendered":"\n\n\n<h1>Nuestra Historia<\/h1>\n\n\n<p data-start=\"354\" data-end=\"845\"><font dir=\"auto\" style=\"vertical-align: inherit;\"><font dir=\"auto\" style=\"vertical-align: inherit;\">El Instituto Preservando Generaciones nace como respuesta a u<span style=\"color:#000000;\"><\/span>na necesid<\/font><\/font><\/p><span style=\"color:#000000;\"><span style=\"background-color:#002966;\"><p data-start=\"354\" data-end=\"845\"><font dir=\"auto\" style=\"vertical-align: inherit;\"><font dir=\"auto\" style=\"vertical-align: inherit;\"><font dir=\"auto\" style=\"vertical-align: inherit;\"><font dir=\"auto\" style=\"vertical-align: inherit;\"><font dir=\"auto\" style=\"vertical-align: inherit;\"><font dir=\"auto\" style=\"vertical-align: inherit;\">\nEl instituto de formaci\u00f3n Preservando Generaciones nace como respuesta a una necesidad real y urgente de nuestro tiempo.<\/font><\/font><\/font><\/font><\/font><\/font><\/p><\/span><\/span>\n<span style=\"color:#000000;\"><span style=\"background-color:#002966;\"><p data-start=\"354\" data-end=\"845\"><font dir=\"auto\" style=\"vertical-align: inherit;\"><font dir=\"auto\" style=\"vertical-align: inherit;\"><font dir=\"auto\" style=\"vertical-align: inherit;\"><font dir=\"auto\" style=\"vertical-align: inherit;\"><font dir=\"auto\" style=\"vertical-align: inherit;\"><font dir=\"auto\" style=\"vertical-align: inherit;\"><font dir=\"auto\" style=\"vertical-align: inherit;\"><font dir=\"auto\" style=\"vertical-align: inherit;\">En el a\u00f1o <\/font><\/font><\/font><\/font><\/font><\/font><\/font><\/font><strong data-start=\"474\" data-end=\"482\"><font dir=\"auto\" style=\"vertical-align: inherit;\"><font dir=\"auto\" style=\"vertical-align: inherit;\"><font dir=\"auto\" style=\"vertical-align: inherit;\"><font dir=\"auto\" style=\"vertical-align: inherit;\"><font dir=\"auto\" style=\"vertical-align: inherit;\"><font dir=\"auto\" style=\"vertical-align: inherit;\"><font dir=\"auto\" style=\"vertical-align: inherit;\"><font dir=\"auto\" style=\"vertical-align: inherit;\">2025<\/font><\/font><\/font><\/font><\/font><\/font><\/font><\/font><\/strong><font dir=\"auto\" style=\"vertical-align: inherit;\"><font dir=\"auto\" style=\"vertical-align: inherit;\"><font dir=\"auto\" style=\"vertical-align: inherit;\"><font dir=\"auto\" style=\"vertical-align: inherit;\"><font dir=\"auto\" style=\"vertical-align: inherit;\"><font dir=\"auto\" style=\"vertical-align: inherit;\"><font dir=\"auto\" style=\"vertical-align: inherit;\"><font dir=\"auto\" style=\"vertical-align: inherit;\"> , a partir de una experiencia concreta en el \u00e1mbito educativo y pastoral, <\/font><\/font><\/font><\/font><\/font><\/font><span style=\"\"><font dir=\"auto\" style=\"vertical-align: inherit;\"><font dir=\"auto\" style=\"vertical-align: inherit;\"><font dir=\"auto\" style=\"vertical-align: inherit;\"><font dir=\"auto\" style=\"vertical-align: inherit;\"><font dir=\"auto\" style=\"vertical-align: inherit;\"><font dir=\"auto\" style=\"vertical-align: inherit;\">surge la convicci\u00f3n de que muchos docentes, padres, l\u00edderes, pastores y referentes&nbsp;<\/font><\/font><\/font><\/font><\/font><\/font><font dir=\"auto\" style=\"vertical-align: inherit;\"><font dir=\"auto\" style=\"vertical-align: inherit;\"><font dir=\"auto\" style=\"vertical-align: inherit;\"><font dir=\"auto\" style=\"vertical-align: inherit;\"><font dir=\"auto\" style=\"vertical-align: inherit;\"><font dir=\"auto\" style=\"vertical-align: inherit;\">necesitaban<\/font><\/font><\/font><\/font><\/font><\/font><\/span><font dir=\"auto\" style=\"vertical-align: inherit;\"><font dir=\"auto\" style=\"vertical-align: inherit;\"><font dir=\"auto\" style=\"vertical-align: inherit;\"><font dir=\"auto\" style=\"vertical-align: inherit;\"><font dir=\"auto\" style=\"vertical-align: inherit;\"><font dir=\"auto\" style=\"vertical-align: inherit;\"> un <\/font><\/font><\/font><\/font><\/font><\/font><\/font><\/font><span style=\"color:#e60000;\"><strong><font dir=\"auto\" style=\"vertical-align: inherit;\"><font dir=\"auto\" style=\"vertical-align: inherit;\"><font dir=\"auto\" style=\"vertical-align: inherit;\"><font dir=\"auto\" style=\"vertical-align: inherit;\"><font dir=\"auto\" style=\"vertical-align: inherit;\"><font dir=\"auto\" style=\"vertical-align: inherit;\"><font dir=\"auto\" style=\"vertical-align: inherit;\"><font dir=\"auto\" style=\"vertical-align: inherit;\">espacio de formaci\u00f3n integral, actualizado y confiable, que l<\/font><\/font><\/font><\/font><\/font><\/font><\/font><\/font><font dir=\"auto\" style=\"vertical-align: inherit;\"><font dir=\"auto\" style=\"vertical-align: inherit;\">os ayudara a comprender los tiempos que vivimos y acompa\u00f1ar a ni\u00f1os, adolescentes y familias con mayor sabidur\u00eda y herramientas.&nbsp;<\/font><\/font><\/strong><\/span><font dir=\"auto\" style=\"vertical-align: inherit;\"><font dir=\"auto\" style=\"vertical-align: inherit;\"><\/font><\/font><font dir=\"auto\" style=\"vertical-align: inherit;\"><font dir=\"auto\" style=\"vertical-align: inherit;\"><font dir=\"auto\" style=\"vertical-align: inherit;\"><font dir=\"auto\" style=\"vertical-align: inherit;\"><font dir=\"auto\" style=\"vertical-align: inherit;\"><font dir=\"auto\" style=\"vertical-align: inherit;\"><font dir=\"auto\" style=\"vertical-align: inherit;\"><font dir=\"auto\" style=\"vertical-align: inherit;\"><font dir=\"auto\" style=\"vertical-align: inherit;\"><font dir=\"auto\" style=\"vertical-align: inherit;\"><font dir=\"auto\" style=\"vertical-align: inherit;\"><font dir=\"auto\" style=\"vertical-align: inherit;\">La realidad demostr\u00f3 que, en muchos&nbsp; <\/font><\/font><\/font><\/font><\/font><\/font><\/font><\/font><\/font><\/font><\/font><\/font><font dir=\"auto\" style=\"vertical-align: inherit;\"><font dir=\"auto\" style=\"vertical-align: inherit;\"><font dir=\"auto\" style=\"vertical-align: inherit;\"><font dir=\"auto\" style=\"vertical-align: inherit;\"><font dir=\"auto\" style=\"vertical-align: inherit;\"><font dir=\"auto\" style=\"vertical-align: inherit;\"><font dir=\"auto\" style=\"vertical-align: inherit;\"><font dir=\"auto\" style=\"vertical-align: inherit;\"><font dir=\"auto\" style=\"vertical-align: inherit;\"><font dir=\"auto\" style=\"vertical-align: inherit;\"><font dir=\"auto\" style=\"vertical-align: inherit;\"><font dir=\"auto\" style=\"vertical-align: inherit;\">casos, la Iglesia no hab\u00eda sido suficientemente <\/font><\/font><\/font><\/font><\/font><\/font><\/font><\/font><\/font><\/font><font dir=\"auto\" style=\"vertical-align: inherit;\"><font dir=\"auto\" style=\"vertical-align: inherit;\"><font dir=\"auto\" style=\"vertical-align: inherit;\"><font dir=\"auto\" style=\"vertical-align: inherit;\"><font dir=\"auto\" style=\"vertical-align: inherit;\"><font dir=\"auto\" style=\"vertical-align: inherit;\"><font dir=\"auto\" style=\"vertical-align: inherit;\"><font dir=\"auto\" style=\"vertical-align: inherit;\"><font dir=\"auto\" style=\"vertical-align: inherit;\"><font dir=\"auto\" style=\"vertical-align: inherit;\">equipada para abordar ciertas problem\u00e1ticas contempor\u00e1neas que impactan directamente en la vida de las personas. Temas complejos y sensibles comenzaron a aparecer con fuerza \u2014muchas veces sin respuestas claras\u2014 generando preocupaci\u00f3n, confusi\u00f3n y desaf\u00edos pastorales y educativos in\u00e9ditos.<\/font><\/font><\/font><\/font><\/font><\/font><\/font><\/font><\/font><\/font><\/font><\/font><\/p><\/span><\/span>\n<span style=\"color:#000000;\"><span style=\"background-color:#002966;\"><span style=\"background-color:#002966;\"><p data-start=\"847\" data-end=\"1220\"><font dir=\"auto\" style=\"vertical-align: inherit;\"><font dir=\"auto\" style=\"vertical-align: inherit;\"><font dir=\"auto\" style=\"vertical-align: inherit;\"><font dir=\"auto\" style=\"vertical-align: inherit;\"><font dir=\"auto\" style=\"vertical-align: inherit;\"><font dir=\"auto\" style=\"vertical-align: inherit;\"><font dir=\"auto\" style=\"vertical-align: inherit;\"><font dir=\"auto\" style=\"vertical-align: inherit;\"><font dir=\"auto\" style=\"vertical-align: inherit;\"><font dir=\"auto\" style=\"vertical-align: inherit;\"><font dir=\"auto\" style=\"vertical-align: inherit;\"><font dir=\"auto\" style=\"vertical-align: inherit;\"><\/font><\/font><\/font><\/font><\/font><\/font><\/font><\/font><\/font><\/font><\/font><\/font><\/p><p data-start=\"1222\" data-end=\"1650\"><font dir=\"auto\" style=\"vertical-align: inherit;\"><font dir=\"auto\" style=\"vertical-align: inherit;\"><font dir=\"auto\" style=\"vertical-align: inherit;\"><font dir=\"auto\" style=\"vertical-align: inherit;\"><font dir=\"auto\" style=\"vertical-align: inherit;\"><font dir=\"auto\" style=\"vertical-align: inherit;\"><font dir=\"auto\" style=\"vertical-align: inherit;\"><font dir=\"auto\" style=\"vertical-align: inherit;\"><font dir=\"auto\" style=\"vertical-align: inherit;\"><font dir=\"auto\" style=\"vertical-align: inherit;\"><font dir=\"auto\" style=\"vertical-align: inherit;\"><font dir=\"auto\" style=\"vertical-align: inherit;\"><font dir=\"auto\" style=\"vertical-align: inherit;\"><font dir=\"auto\" style=\"vertical-align: inherit;\">Frente a este escenario, Preservando Generaciones comenz\u00f3 a desarrollar <\/font><\/font><\/font><\/font><\/font><\/font><\/font><\/font><\/font><\/font><\/font><\/font><\/font><\/font><span style=\"color:#e60000;\"><strong><font dir=\"auto\" style=\"vertical-align: inherit;\"><font dir=\"auto\" style=\"vertical-align: inherit;\"><font dir=\"auto\" style=\"vertical-align: inherit;\"><font dir=\"auto\" style=\"vertical-align: inherit;\"><font dir=\"auto\" style=\"vertical-align: inherit;\"><font dir=\"auto\" style=\"vertical-align: inherit;\"><font dir=\"auto\" style=\"vertical-align: inherit;\"><font dir=\"auto\" style=\"vertical-align: inherit;\"><font dir=\"auto\" style=\"vertical-align: inherit;\"><font dir=\"auto\" style=\"vertical-align: inherit;\"><font dir=\"auto\" style=\"vertical-align: inherit;\"><font dir=\"auto\" style=\"vertical-align: inherit;\"><font dir=\"auto\" style=\"vertical-align: inherit;\"><font dir=\"auto\" style=\"vertical-align: inherit;\">cursos y capacitaciones orientadas a brindar formaci\u00f3n seria, responsable y profundamente comprometida con la verdad, integrando la <\/font><\/font><\/font><\/font><\/font><\/font><\/font><\/font><\/font><\/font><\/font><\/font><\/font><\/font><span data-start=\"1426\" data-end=\"1442\"><font dir=\"auto\" style=\"vertical-align: inherit;\"><font dir=\"auto\" style=\"vertical-align: inherit;\"><font dir=\"auto\" style=\"vertical-align: inherit;\"><font dir=\"auto\" style=\"vertical-align: inherit;\"><font dir=\"auto\" style=\"vertical-align: inherit;\"><font dir=\"auto\" style=\"vertical-align: inherit;\"><font dir=\"auto\" style=\"vertical-align: inherit;\"><font dir=\"auto\" style=\"vertical-align: inherit;\"><font dir=\"auto\" style=\"vertical-align: inherit;\"><font dir=\"auto\" style=\"vertical-align: inherit;\"><font dir=\"auto\" style=\"vertical-align: inherit;\"><font dir=\"auto\" style=\"vertical-align: inherit;\"><font dir=\"auto\" style=\"vertical-align: inherit;\"><font dir=\"auto\" style=\"vertical-align: inherit;\">fe cristiana<\/font><\/font><\/font><\/font><\/font><\/font><\/font><\/font><\/font><\/font><\/font><\/font><\/font><\/font><\/span><font dir=\"auto\" style=\"vertical-align: inherit;\"><font dir=\"auto\" style=\"vertical-align: inherit;\"><font dir=\"auto\" style=\"vertical-align: inherit;\"><font dir=\"auto\" style=\"vertical-align: inherit;\"><font dir=\"auto\" style=\"vertical-align: inherit;\"><font dir=\"auto\" style=\"vertical-align: inherit;\"><font dir=\"auto\" style=\"vertical-align: inherit;\"><font dir=\"auto\" style=\"vertical-align: inherit;\"><font dir=\"auto\" style=\"vertical-align: inherit;\"><font dir=\"auto\" style=\"vertical-align: inherit;\"><font dir=\"auto\" style=\"vertical-align: inherit;\"><font dir=\"auto\" style=\"vertical-align: inherit;\"><font dir=\"auto\" style=\"vertical-align: inherit;\"><font dir=\"auto\" style=\"vertical-align: inherit;\"> con el <\/font><\/font><\/font><\/font><\/font><\/font><\/font><\/font><\/font><\/font><\/font><\/font><\/font><\/font><span data-start=\"1450\" data-end=\"1477\"><font dir=\"auto\" style=\"vertical-align: inherit;\"><font dir=\"auto\" style=\"vertical-align: inherit;\"><font dir=\"auto\" style=\"vertical-align: inherit;\"><font dir=\"auto\" style=\"vertical-align: inherit;\"><font dir=\"auto\" style=\"vertical-align: inherit;\"><font dir=\"auto\" style=\"vertical-align: inherit;\"><font dir=\"auto\" style=\"vertical-align: inherit;\"><font dir=\"auto\" style=\"vertical-align: inherit;\"><font dir=\"auto\" style=\"vertical-align: inherit;\"><font dir=\"auto\" style=\"vertical-align: inherit;\"><font dir=\"auto\" style=\"vertical-align: inherit;\"><font dir=\"auto\" style=\"vertical-align: inherit;\"><font dir=\"auto\" style=\"vertical-align: inherit;\"><font dir=\"auto\" style=\"vertical-align: inherit;\">conocimiento cient\u00edfico<\/font><\/font><\/font><\/font><\/font><\/font><\/font><\/font><\/font><\/font><\/font><\/font><\/font><\/font><\/span><font dir=\"auto\" style=\"vertical-align: inherit;\"><font dir=\"auto\" style=\"vertical-align: inherit;\"><font dir=\"auto\" style=\"vertical-align: inherit;\"><font dir=\"auto\" style=\"vertical-align: inherit;\"><font dir=\"auto\" style=\"vertical-align: inherit;\"><font dir=\"auto\" style=\"vertical-align: inherit;\"><font dir=\"auto\" style=\"vertical-align: inherit;\"><font dir=\"auto\" style=\"vertical-align: inherit;\"><font dir=\"auto\" style=\"vertical-align: inherit;\"><font dir=\"auto\" style=\"vertical-align: inherit;\"><font dir=\"auto\" style=\"vertical-align: inherit;\"><font dir=\"auto\" style=\"vertical-align: inherit;\"><font dir=\"auto\" style=\"vertical-align: inherit;\"><font dir=\"auto\" style=\"vertical-align: inherit;\"> . <\/font><\/font><\/font><\/font><\/font><\/font><\/font><\/font><\/font><\/font><\/font><\/font><\/font><\/font><\/strong><\/span><font dir=\"auto\" style=\"vertical-align: inherit;\"><font dir=\"auto\" style=\"vertical-align: inherit;\"><font dir=\"auto\" style=\"vertical-align: inherit;\"><font dir=\"auto\" style=\"vertical-align: inherit;\"><font dir=\"auto\" style=\"vertical-align: inherit;\"><font dir=\"auto\" style=\"vertical-align: inherit;\"><font dir=\"auto\" style=\"vertical-align: inherit;\"><font dir=\"auto\" style=\"vertical-align: inherit;\"><font dir=\"auto\" style=\"vertical-align: inherit;\"><font dir=\"auto\" style=\"vertical-align: inherit;\"><font dir=\"auto\" style=\"vertical-align: inherit;\"><font dir=\"auto\" style=\"vertical-align: inherit;\"><font dir=\"auto\" style=\"vertical-align: inherit;\"><font dir=\"auto\" style=\"vertical-align: inherit;\">Con el tiempo, esta propuesta formativa fue creciendo y extendi\u00e9ndose, alcanzando miles de alumnos en distintos <\/font><\/font><\/font><\/font><\/font><\/font><\/font><\/font><\/font><\/font><\/font><\/font><font dir=\"auto\" style=\"vertical-align: inherit;\"><font dir=\"auto\" style=\"vertical-align: inherit;\"><font dir=\"auto\" style=\"vertical-align: inherit;\"><font dir=\"auto\" style=\"vertical-align: inherit;\"><font dir=\"auto\" style=\"vertical-align: inherit;\"><font dir=\"auto\" style=\"vertical-align: inherit;\"><font dir=\"auto\" style=\"vertical-align: inherit;\"><font dir=\"auto\" style=\"vertical-align: inherit;\"><font dir=\"auto\" style=\"vertical-align: inherit;\"><font dir=\"auto\" style=\"vertical-align: inherit;\"><font dir=\"auto\" style=\"vertical-align: inherit;\"><font dir=\"auto\" style=\"vertical-align: inherit;\">regiones del pa\u00eds, de Am\u00e9rica Latina y tambi\u00e9n de Europa.<\/font><\/font><\/font><\/font><\/font><\/font><\/font><\/font><\/font><\/font><\/font><\/font><\/font><\/font><\/p><\/span><\/span><\/span>\n\n\n\n<h2>Nuestra Misi\u00f3n<\/h2>\n<h3><p data-start=\"690\" data-end=\"807\">Nuestra misi\u00f3n es <strong data-start=\"708\" data-end=\"746\">preservar la vida de la generaci\u00f3n<\/strong>, teniendo como fundamento absoluto <strong data-start=\"782\" data-end=\"806\">la Palabra del Se\u00f1or<\/strong>.<\/p>\n<p data-start=\"809\" data-end=\"1192\">As\u00ed como la Escritura relata en <strong data-start=\"841\" data-end=\"852\">\u00c9xodo 1<\/strong> la historia de las parteras que, movidas por el temor de Dios, <strong data-start=\"916\" data-end=\"990\">preservaron la vida de los ni\u00f1os frente a una orden injusta del Estado<\/strong>, creemos que hoy vivimos un tiempo similar. Un contexto donde sistemas culturales, ideol\u00f3gicos, tecnol\u00f3gicos e institucionales intentan atacar la identidad, la fe y el valor de las nuevas generaciones.<\/p>\n<p data-start=\"1194\" data-end=\"1490\">Frente a este escenario, Preservando Generaciones nace con el prop\u00f3sito de <strong data-start=\"1269\" data-end=\"1333\">formar y capacitar a quienes est\u00e1n llamados a cuidar la vida<\/strong>: padres, docentes, l\u00edderes, pastores y referentes. Personas que hoy cumplen un rol clave como guardianes, acompa\u00f1antes y formadores de ni\u00f1os y adolescentes.<\/p>\n<p data-start=\"1492\" data-end=\"1780\">Nuestra misi\u00f3n es brindar <strong data-start=\"1518\" data-end=\"1581\">herramientas b\u00edblicas, cient\u00edficas, educativas y pastorales<\/strong> para que estos referentes puedan ejercer su llamado con sabidur\u00eda, discernimiento y amor, preservando la vida, la identidad y el prop\u00f3sito de cada generaci\u00f3n en medio de los desaf\u00edos de este tiempo.<\/p><\/h3>\n<h2><font dir=\"auto\" style=\"vertical-align: inherit;\"><font dir=\"auto\" style=\"vertical-align: inherit;\">Nuestra Visi\u00f3n&nbsp;<\/font><\/font><\/h2>\n<h3><p data-start=\"286\" data-end=\"518\">Nuestra visi\u00f3n es <strong data-start=\"304\" data-end=\"397\">formar personas capacitadas en cada iglesia, en cada comunidad educativa y en cada ciudad<\/strong>, que puedan abordar con claridad, seriedad y profesionalismo las problem\u00e1ticas que atraviesan a las nuevas generaciones.<\/p>\n<p data-start=\"520\" data-end=\"813\">So\u00f1amos con una Iglesia preparada, que no llegue tarde a las crisis, sino que <strong data-start=\"598\" data-end=\"628\">se adelante a los desaf\u00edos<\/strong>, formando referentes que puedan hablar con verdad, responsabilidad y fundamento sobre temas sensibles y complejos que impactan directamente en la vida de ni\u00f1os, adolescentes y j\u00f3venes.<\/p>\n<p data-start=\"815\" data-end=\"1152\">Anhelamos que nuestras generaciones no tengan que ser continuamente restauradas por da\u00f1os evitables, sino que puedan ser <strong data-start=\"936\" data-end=\"983\">prevenidas, cuidadas y acompa\u00f1adas a tiempo<\/strong>, evitando caer en las trampas del sistema, la confusi\u00f3n de identidad, la violencia, el abuso, las adicciones y otras problem\u00e1ticas que destruyen la vida y los v\u00ednculos.<\/p>\n<p data-start=\"1154\" data-end=\"1406\">Nuestra visi\u00f3n es alcanzar <strong data-start=\"1181\" data-end=\"1229\">iglesias, escuelas y familias en cada naci\u00f3n<\/strong>, formando una red de personas preparadas que puedan ense\u00f1ar, orientar y acompa\u00f1ar desde una cosmovisi\u00f3n cristiana, integrando fe, conocimiento cient\u00edfico y compromiso pastoral.<\/p><\/h3>\n<h2>Nuestro prop\u00f3sito&nbsp;<\/h2>\n<h3><p data-start=\"383\" data-end=\"502\">Nuestro prop\u00f3sito es <strong data-start=\"404\" data-end=\"501\">ser parte activa del establecimiento del Reino de nuestro Se\u00f1or Jesucristo en esta generaci\u00f3n<\/strong>.<\/p>\n<p data-start=\"504\" data-end=\"823\">Creemos que el Reino de los cielos es una realidad poderosa que Dios ha confiado a los hombres y mujeres que hoy est\u00e1n siendo formados. En ni\u00f1os, adolescentes y j\u00f3venes que ma\u00f1ana ser\u00e1n <strong data-start=\"690\" data-end=\"788\">l\u00edderes, gobernantes, profesionales, educadores, pastores, ap\u00f3stoles y referentes de autoridad<\/strong> en distintas \u00e1reas de la sociedad.<\/p>\n<p data-start=\"825\" data-end=\"1204\">Entendemos que el enemigo conoce el valor y el potencial de estas generaciones, y por eso busca destruirlas anticipadamente, atacando su identidad, su fe, su salud emocional y su prop\u00f3sito. Frente a esta realidad, Preservando Generaciones existe como una <strong data-start=\"1080\" data-end=\"1135\">herramienta de protecci\u00f3n, formaci\u00f3n y preservaci\u00f3n<\/strong>, para que cada vida pueda llegar \u00edntegra al destino que Dios dise\u00f1\u00f3.<\/p>\n<p data-start=\"1206\" data-end=\"1455\">Nuestro prop\u00f3sito es cuidar el proceso, acompa\u00f1ar el crecimiento y fortalecer a quienes est\u00e1n siendo gestados para impactar su tiempo, asegurando que puedan caminar hacia su llamado con identidad, verdad, sabidur\u00eda y compromiso con el Reino de Dios.<\/p><\/h3>\n\n\n<span style=\"color:#000000;\"><span style=\"background-color:#002966;\"><span style=\"background-color:#002966;\"><p data-start=\"1222\" data-end=\"1650\"><font dir=\"auto\" style=\"vertical-align: inherit;\"><font dir=\"auto\" style=\"vertical-align: inherit;\"><font dir=\"auto\" style=\"vertical-align: inherit;\"><font dir=\"auto\" style=\"vertical-align: inherit;\"><font dir=\"auto\" style=\"vertical-align: inherit;\"><font dir=\"auto\" style=\"vertical-align: inherit;\"><font dir=\"auto\" style=\"vertical-align: inherit;\"><font dir=\"auto\" style=\"vertical-align: inherit;\"><font dir=\"auto\" style=\"vertical-align: inherit;\"><font dir=\"auto\" style=\"vertical-align: inherit;\"><font dir=\"auto\" style=\"vertical-align: inherit;\"><font dir=\"auto\" style=\"vertical-align: inherit;\"><font dir=\"auto\" style=\"vertical-align: inherit;\"><font dir=\"auto\" style=\"vertical-align: inherit;\"><\/font><\/font><\/font><\/font><\/font><\/font><\/font><\/font><\/font><\/font><\/font><\/font><\/font><\/font><\/p><p data-start=\"1652\" data-end=\"2010\"><font dir=\"auto\" style=\"vertical-align: inherit;\"><font dir=\"auto\" style=\"vertical-align: inherit;\"><font dir=\"auto\" style=\"vertical-align: inherit;\"><font dir=\"auto\" style=\"vertical-align: inherit;\"><font dir=\"auto\" style=\"vertical-align: inherit;\"><font dir=\"auto\" style=\"vertical-align: inherit;\"><font dir=\"auto\" style=\"vertical-align: inherit;\"><font dir=\"auto\" style=\"vertical-align: inherit;\"><font dir=\"auto\" style=\"vertical-align: inherit;\"><font dir=\"auto\" style=\"vertical-align: inherit;\"><font dir=\"auto\" style=\"vertical-align: inherit;\"><font dir=\"auto\" style=\"vertical-align: inherit;\"><font dir=\"auto\" style=\"vertical-align: inherit;\"><font dir=\"auto\" style=\"vertical-align: inherit;\"><font dir=\"auto\" style=\"vertical-align: inherit;\"><font dir=\"auto\" style=\"vertical-align: inherit;\">Hoy, el Instituto forma personas en \u00e1reas que durante a\u00f1os fueron dif\u00edciles de abordar dentro de los espacios tradicionales, como la <strong><span style=\"color:#e60000;\">E<\/span><span style=\"color:#e60000;\">ducaci\u00f3n Sexual Integral con base cient\u00edfica y valores cristianos<\/span><\/strong>, la <span style=\"color:#e60000;\"><strong>prevenci\u00f3n del abuso<\/strong><\/span>, la <strong style=\"color: rgb(230, 0, 0);\">prevenci\u00f3n de adicciones<\/strong>, la <span style=\"color:#e60000;\"><strong>prevenci\u00f3n del suicidio<\/strong><\/span>, entre otras tem\u00e1ticas fundamentales para el cuidado integral de la persona.<\/font><\/font><\/font><\/font><\/font><\/font><\/font><\/font><\/font><\/font><\/font><\/font><\/font><\/font><\/font><\/font><\/p><\/span><\/span><\/span>\n<span style=\"color:#000000;\"><span style=\"background-color:#002966;\"><span style=\"background-color:#002966;\"><p data-start=\"1652\" data-end=\"2010\"><font dir=\"auto\" style=\"vertical-align: inherit;\"><font dir=\"auto\" style=\"vertical-align: inherit;\"><font dir=\"auto\" style=\"vertical-align: inherit;\"><font dir=\"auto\" style=\"vertical-align: inherit;\"><font dir=\"auto\" style=\"vertical-align: inherit;\"><font dir=\"auto\" style=\"vertical-align: inherit;\"><font dir=\"auto\" style=\"vertical-align: inherit;\"><font dir=\"auto\" style=\"vertical-align: inherit;\"><font dir=\"auto\" style=\"vertical-align: inherit;\"><font dir=\"auto\" style=\"vertical-align: inherit;\"><font dir=\"auto\" style=\"vertical-align: inherit;\"><font dir=\"auto\" style=\"vertical-align: inherit;\"><font dir=\"auto\" style=\"vertical-align: inherit;\"><font dir=\"auto\" style=\"vertical-align: inherit;\"><font dir=\"auto\" style=\"vertical-align: inherit;\"><font dir=\"auto\" style=\"vertical-align: inherit;\"><\/font><\/font><\/font><\/font><\/font><\/font><\/font><\/font><\/font><\/font><\/font><\/font><\/font><\/font><\/font><\/font><\/p><p>\n\n\n\n<\/p><p data-start=\"2012\" data-end=\"2345\"><font dir=\"auto\" style=\"vertical-align: inherit;\"><font dir=\"auto\" style=\"vertical-align: inherit;\"><font dir=\"auto\" style=\"vertical-align: inherit;\"><font dir=\"auto\" style=\"vertical-align: inherit;\"><font dir=\"auto\" style=\"vertical-align: inherit;\"><font dir=\"auto\" style=\"vertical-align: inherit;\"><font dir=\"auto\" style=\"vertical-align: inherit;\"><font dir=\"auto\" style=\"vertical-align: inherit;\"><font dir=\"auto\" style=\"vertical-align: inherit;\"><font dir=\"auto\" style=\"vertical-align: inherit;\"><font dir=\"auto\" style=\"vertical-align: inherit;\"><font dir=\"auto\" style=\"vertical-align: inherit;\"><font dir=\"auto\" style=\"vertical-align: inherit;\"><font dir=\"auto\" style=\"vertical-align: inherit;\"><font dir=\"auto\" style=\"vertical-align: inherit;\"><font dir=\"auto\" style=\"vertical-align: inherit;\"><font dir=\"auto\" style=\"vertical-align: inherit;\"><font dir=\"auto\" style=\"vertical-align: inherit;\">Preservando Generaciones contin\u00faa avanzando con un prop\u00f3sito claro: <\/font><\/font><\/font><\/font><\/font><\/font><\/font><\/font><\/font><\/font><\/font><\/font><\/font><\/font><\/font><\/font><\/font><\/font><span style=\"color:#e60000;\"><strong><font dir=\"auto\" style=\"vertical-align: inherit;\"><font dir=\"auto\" style=\"vertical-align: inherit;\"><font dir=\"auto\" style=\"vertical-align: inherit;\"><font dir=\"auto\" style=\"vertical-align: inherit;\"><font dir=\"auto\" style=\"vertical-align: inherit;\"><font dir=\"auto\" style=\"vertical-align: inherit;\"><font dir=\"auto\" style=\"vertical-align: inherit;\"><font dir=\"auto\" style=\"vertical-align: inherit;\"><font dir=\"auto\" style=\"vertical-align: inherit;\"><font dir=\"auto\" style=\"vertical-align: inherit;\"><font dir=\"auto\" style=\"vertical-align: inherit;\"><font dir=\"auto\" style=\"vertical-align: inherit;\"><font dir=\"auto\" style=\"vertical-align: inherit;\"><font dir=\"auto\" style=\"vertical-align: inherit;\"><font dir=\"auto\" style=\"vertical-align: inherit;\"><font dir=\"auto\" style=\"vertical-align: inherit;\"><font dir=\"auto\" style=\"vertical-align: inherit;\"><font dir=\"auto\" style=\"vertical-align: inherit;\">ser una <\/font><\/font><\/font><\/font><\/font><\/font><\/font><\/font><\/font><\/font><\/font><\/font><\/font><\/font><\/font><\/font><\/font><\/font><span data-start=\"2088\" data-end=\"2129\"><font dir=\"auto\" style=\"vertical-align: inherit;\"><font dir=\"auto\" style=\"vertical-align: inherit;\"><font dir=\"auto\" style=\"vertical-align: inherit;\"><font dir=\"auto\" style=\"vertical-align: inherit;\"><font dir=\"auto\" style=\"vertical-align: inherit;\"><font dir=\"auto\" style=\"vertical-align: inherit;\"><font dir=\"auto\" style=\"vertical-align: inherit;\"><font dir=\"auto\" style=\"vertical-align: inherit;\"><font dir=\"auto\" style=\"vertical-align: inherit;\"><font dir=\"auto\" style=\"vertical-align: inherit;\"><font dir=\"auto\" style=\"vertical-align: inherit;\"><font dir=\"auto\" style=\"vertical-align: inherit;\"><font dir=\"auto\" style=\"vertical-align: inherit;\"><font dir=\"auto\" style=\"vertical-align: inherit;\"><font dir=\"auto\" style=\"vertical-align: inherit;\"><font dir=\"auto\" style=\"vertical-align: inherit;\"><font dir=\"auto\" style=\"vertical-align: inherit;\"><font dir=\"auto\" style=\"vertical-align: inherit;\">herramienta al servicio de la Iglesia<\/font><\/font><\/font><\/font><\/font><\/font><\/font><\/font><\/font><\/font><\/font><\/font><\/font><\/font><\/font><\/font><\/font><\/font><\/span><font dir=\"auto\" style=\"vertical-align: inherit;\"><font dir=\"auto\" style=\"vertical-align: inherit;\"><font dir=\"auto\" style=\"vertical-align: inherit;\"><font dir=\"auto\" style=\"vertical-align: inherit;\"><font dir=\"auto\" style=\"vertical-align: inherit;\"><font dir=\"auto\" style=\"vertical-align: inherit;\"><font dir=\"auto\" style=\"vertical-align: inherit;\"><font dir=\"auto\" style=\"vertical-align: inherit;\"><font dir=\"auto\" style=\"vertical-align: inherit;\"><font dir=\"auto\" style=\"vertical-align: inherit;\"><font dir=\"auto\" style=\"vertical-align: inherit;\"><font dir=\"auto\" style=\"vertical-align: inherit;\"><font dir=\"auto\" style=\"vertical-align: inherit;\"><font dir=\"auto\" style=\"vertical-align: inherit;\"><font dir=\"auto\" style=\"vertical-align: inherit;\"><font dir=\"auto\" style=\"vertical-align: inherit;\"><font dir=\"auto\" style=\"vertical-align: inherit;\"><font dir=\"auto\" style=\"vertical-align: inherit;\"> , de los pastores, docentes y familias, aportando formaci\u00f3n cient\u00edfica, biol\u00f3gica y psicol\u00f3gica que complemente la formaci\u00f3n espiritual, entendiendo que el cuidado de la persona es integral: esp\u00edritu, mente y cuerpo.&nbsp;<\/font><\/font><\/font><\/font><\/font><\/font><\/font><\/font><\/font><\/font><\/font><\/font><\/font><\/font><\/font><\/font><\/font><\/font><\/strong><\/span><font dir=\"auto\" style=\"vertical-align: inherit;\"><font dir=\"auto\" style=\"vertical-align: inherit;\"><font dir=\"auto\" style=\"vertical-align: inherit;\"><font dir=\"auto\" style=\"vertical-align: inherit;\"><font dir=\"auto\" style=\"vertical-align: inherit;\"><font dir=\"auto\" style=\"vertical-align: inherit;\"><font dir=\"auto\" style=\"vertical-align: inherit;\"><font dir=\"auto\" style=\"vertical-align: inherit;\"><font dir=\"auto\" style=\"vertical-align: inherit;\"><font dir=\"auto\" style=\"vertical-align: inherit;\"><font dir=\"auto\" style=\"vertical-align: inherit;\"><font dir=\"auto\" style=\"vertical-align: inherit;\"><font dir=\"auto\" style=\"vertical-align: inherit;\"><font dir=\"auto\" style=\"vertical-align: inherit;\"><font dir=\"auto\" style=\"vertical-align: inherit;\"><font dir=\"auto\" style=\"vertical-align: inherit;\"><font dir=\"auto\" style=\"vertical-align: inherit;\"><font dir=\"auto\" style=\"vertical-align: inherit;\"><\/font><\/font><\/font><\/font><\/font><\/font><\/font><\/font><\/font><\/font><\/font><\/font><\/font><\/font><\/font><\/font><\/font><\/font><\/p><\/span><\/span><\/span><span style=\"background-color:#002966;\"><span style=\"background-color:#002966;\"><p data-start=\"2012\" data-end=\"2345\"><font dir=\"auto\" style=\"vertical-align: inherit;\"><font dir=\"auto\" style=\"vertical-align: inherit;\"><font dir=\"auto\" style=\"vertical-align: inherit;\"><font dir=\"auto\" style=\"vertical-align: inherit;\"><font dir=\"auto\" style=\"vertical-align: inherit;\"><font dir=\"auto\" style=\"vertical-align: inherit;\"><\/font><\/font><\/font><\/font><\/font><\/font><\/p><\/span><p data-start=\"2012\" data-end=\"2345\"><font dir=\"auto\" style=\"vertical-align: inherit;\"><font dir=\"auto\" style=\"vertical-align: inherit;\"><font dir=\"auto\" style=\"vertical-align: inherit;\"><font dir=\"auto\" style=\"vertical-align: inherit;\"><font dir=\"auto\" style=\"vertical-align: inherit;\"><font dir=\"auto\" style=\"vertical-align: inherit;\"><font dir=\"auto\" style=\"vertical-align: inherit;\"><font dir=\"auto\" style=\"vertical-align: inherit;\"><font dir=\"auto\" style=\"vertical-align: inherit;\"><font dir=\"auto\" style=\"vertical-align: inherit;\"><font dir=\"auto\" style=\"vertical-align: inherit;\"><font dir=\"auto\" style=\"vertical-align: inherit;\"><font dir=\"auto\" style=\"vertical-align: inherit;\"><font dir=\"auto\" style=\"vertical-align: inherit;\">esp\u00edritu, mente y cuerpo.<\/font><\/font><\/font><\/font><\/font><\/font><\/font><\/font><\/font><\/font><\/font><\/font><\/font><\/font><\/p><\/span><p data-start=\"2012\" data-end=\"2345\"><font dir=\"auto\" style=\"vertical-align: inherit;\"><font dir=\"auto\" style=\"vertical-align: inherit;\"><\/font><\/font><\/p>\n\n\n\n\n<h1><font dir=\"auto\" style=\"vertical-align: inherit;\"><font dir=\"auto\" style=\"vertical-align: inherit;\"><font dir=\"auto\" style=\"vertical-align: inherit;\"><font dir=\"auto\" style=\"vertical-align: inherit;\"><font dir=\"auto\" style=\"vertical-align: inherit;\"><font dir=\"auto\" style=\"vertical-align: inherit; color: rgb(0, 41, 102); background-color: rgb(187, 187, 187);\"><font dir=\"auto\" style=\"vertical-align: inherit;\"><font dir=\"auto\" style=\"vertical-align: inherit; color: rgb(0, 41, 102);\"><font dir=\"auto\" style=\"vertical-align: inherit;\"><font dir=\"auto\" style=\"vertical-align: inherit; color: rgb(0, 71, 178); font-weight: normal; font-style: normal;\"><font dir=\"auto\" style=\"vertical-align: inherit;\"><font dir=\"auto\" style=\"vertical-align: inherit; color: rgb(0, 41, 102);\">Caracter\u00edsticas de Nuestros Programas<\/font><\/font><\/font><\/font><\/font><\/font><\/font><\/font><\/font><\/font><\/font><\/font><\/h1>\n\n\n<h4 style=\"text-align: left\"><span><font dir=\"auto\" style=\"vertical-align: inherit;\"><font dir=\"auto\" style=\"vertical-align: inherit;\">Nuestros programas est\u00e1n dise\u00f1ados para abordar la formaci\u00f3n de la persona de manera integral , contemplando las dimensiones educativa, emocional, familiar, social,&nbsp; y espiritual. Integramos el conocimiento cient\u00edfico con los principios de la palabra de Dios, entendiendo que la verdadera transformaci\u00f3n y protecci\u00f3n de ni\u00f1os y adolescentes se logra cuando la ciencia y la fe caminan juntas. Brindamos herramientas pr\u00e1cticas para la prevenci\u00f3n , el compa\u00f1amiento y el desarrollo saludable, fortaleciendo el rol de padres, docentes y l\u00edderes desde una cosmovisi\u00f3n cristiana.&nbsp;<\/font><\/font><\/span><\/h4>\n\n\n<h4 style=\"text-align: justify\"><span><font dir=\"auto\" style=\"vertical-align: inherit;\"><font dir=\"auto\" style=\"vertical-align: inherit;\">Nuestros programas se adaptan a las distintas realidades de familia, edades, ministerios, profesiones y contextos educativos , comprendiendo que no todos cuentan con los mismos tiempos ni posibilidades. Por eso ofrecemos modalidades flexibles y cursados asincr\u00f3nicos, que permiten formarse desde la comodidad del hogar y en el momento m\u00e1s adecuado para cada persona. Esta din\u00e1mica facilita el acceso a la capacitaci\u00f3n aun cuando la organizaci\u00f3n del tiempo cotidiano resulta compleja, sin resignar profundidad ni calidad informativa.&nbsp;<\/font><\/font><\/span><\/h4>\n\n\n\n\n<h4 style=\"text-align: justify\"><span><font dir=\"auto\" style=\"vertical-align: inherit;\"><font dir=\"auto\" style=\"vertical-align: inherit;\">Utilizamos recursos educativos cuidadosamente seleccionados que reflejan los valores que promovemos. Se fundamentan en bibliograf\u00eda reconocida, aportes cient\u00edficos actualizados y en la Palabra del Se\u00f1or como eje rector, integrando fe y conocimiento de manera responsable y profunda. Se abordan problem\u00e1ticas contempor\u00e1neas, garantizando actualizaciones pertinentes que permitan responder con claridad y solidez a loas desaf\u00edos actuales que enfrentan las familias, iglesias e instituciones educativas.&nbsp;<\/font><\/font><\/span><\/h4>\n\n\n<h4 style=\"text-align: justify\"><span><font dir=\"auto\" style=\"vertical-align: inherit;\"><font dir=\"auto\" style=\"vertical-align: inherit;\"><font dir=\"auto\" style=\"vertical-align: inherit;\"><font dir=\"auto\" style=\"vertical-align: inherit;\">Contamos con un equipo de docentes, profesionales y ministros cristianos comprometidos con una formaci\u00f3n integral, resposable y de excelencia. Todos los formadores que integramos en instituto compartimos una misma base: una vida de fe, una vocaci\u00f3n de servicio, y una formaci\u00f3n acad\u00e9mica y profesional s\u00f3lida en las \u00e1reas que ense\u00f1amos. Esto garantiza procesos educativos serios, \u00e9ticos y contextualizados a las realidades actuales. Nuestro equipo est\u00e1 conformado por educadores, especialistas y l\u00edderes que, adem\u00e1s de su preparaci\u00f3n t\u00e9cnica y pedag\u00f3gica, ejercen su labor desde una cosmovisi\u00f3n cristiana, integrando la palabra de Dios, la ciencia y los valores en cada instancia formativa.&nbsp;<\/font><\/font><\/font><\/font><\/span><\/h4>\n\n\n<h4 style=\"text-align: justify\"><span><font dir=\"auto\" style=\"vertical-align: inherit;\"><font dir=\"auto\" style=\"vertical-align: inherit;\">El instituto de Formaci\u00f3n preservando Generaciones nace con un profundo compromiso hacia las familias, reconoci\u00e9ndolas como el primer y m\u00e1s importante espacio de formaci\u00f3n, contenci\u00f3n, y transmisi\u00f3n de valores. Cada propuesta educativa est\u00e1 pensada para acompa\u00f1ar, fortalecer y orientar a padres,cuidadores, y referentes adultos, brindando herramientas claras, responsables y accesibles para forntar los desaf\u00edos actuales desde una perspectiva cristiana. Nuestro compromiso es caminar junto a las familias, respetando sus tiempos, contextos y procesos, ofreciendo capacitaci\u00f3n, orintaci\u00f3n y acompa\u00f1amiento, con el objetivo de preservar generaciones, edificar hogares firmes y formar adultos que ejerzan su rol con responsabilidad, amor y fe.&nbsp;&nbsp;<\/font><\/font><\/span><\/h4>\n\n\n\n\n<h1><font dir=\"auto\" style=\"vertical-align: inherit;\"><font dir=\"auto\" style=\"vertical-align: inherit;\"><font dir=\"auto\" style=\"vertical-align: inherit;\"><font dir=\"auto\" style=\"vertical-align: inherit;\"><font dir=\"auto\" style=\"vertical-align: inherit;\"><font dir=\"auto\" style=\"vertical-align: inherit; color: rgb(0, 41, 102); background-color: rgb(187, 187, 187);\"><font dir=\"auto\" style=\"vertical-align: inherit;\"><font dir=\"auto\" style=\"vertical-align: inherit; color: rgb(0, 41, 102);\"><font dir=\"auto\" style=\"vertical-align: inherit;\"><font dir=\"auto\" style=\"vertical-align: inherit; color: rgb(0, 71, 178); font-weight: normal; font-style: normal;\"><font dir=\"auto\" style=\"vertical-align: inherit;\"><font dir=\"auto\" style=\"vertical-align: inherit; color: rgb(0, 41, 102);\">Caracter\u00edsticas de Nuestros Programas<\/font><\/font><\/font><\/font><\/font><\/font><\/font><\/font><\/font><\/font><\/font><\/font><\/h1>\n\n\n<h4 style=\"text-align: left\"><span><font dir=\"auto\" style=\"vertical-align: inherit;\"><font dir=\"auto\" style=\"vertical-align: inherit;\">Nuestros programas est\u00e1n dise\u00f1ados para abordar la formaci\u00f3n de la persona de manera integral , contemplando las dimensiones educativa, emocional, familiar, social,&nbsp; y espiritual. Integramos el conocimiento cient\u00edfico con los principios de la palabra de Dios, entendiendo que la verdadera transformaci\u00f3n y protecci\u00f3n de ni\u00f1os y adolescentes se logra cuando la ciencia y la fe caminan juntas. Brindamos herramientas pr\u00e1cticas para la prevenci\u00f3n , el compa\u00f1amiento y el desarrollo saludable, fortaleciendo el rol de padres, docentes y l\u00edderes desde una cosmovisi\u00f3n cristiana.&nbsp;<\/font><\/font><\/span><\/h4>\n\n\n<h4 style=\"text-align: justify\"><span><font dir=\"auto\" style=\"vertical-align: inherit;\"><font dir=\"auto\" style=\"vertical-align: inherit;\">Nuestros programas se adaptan a las distintas realidades de familia, edades, ministerios, profesiones y contextos educativos , comprendiendo que no todos cuentan con los mismos tiempos ni posibilidades. Por eso ofrecemos modalidades flexibles y cursados asincr\u00f3nicos, que permiten formarse desde la comodidad del hogar y en el momento m\u00e1s adecuado para cada persona. Esta din\u00e1mica facilita el acceso a la capacitaci\u00f3n aun cuando la organizaci\u00f3n del tiempo cotidiano resulta compleja, sin resignar profundidad ni calidad informativa.&nbsp;<\/font><\/font><\/span><\/h4>\n\n\n\n\n<h4 style=\"text-align: justify\"><span><font dir=\"auto\" style=\"vertical-align: inherit;\"><font dir=\"auto\" style=\"vertical-align: inherit;\">Utilizamos recursos educativos cuidadosamente seleccionados que reflejan los valores que promovemos. Se fundamentan en bibliograf\u00eda reconocida, aportes cient\u00edficos actualizados y en la Palabra del Se\u00f1or como eje rector, integrando fe y conocimiento de manera responsable y profunda. Se abordan problem\u00e1ticas contempor\u00e1neas, garantizando actualizaciones pertinentes que permitan responder con claridad y solidez a loas desaf\u00edos actuales que enfrentan las familias, iglesias e instituciones educativas.&nbsp;<\/font><\/font><\/span><\/h4>\n\n\n<h4 style=\"text-align: justify\"><span><font dir=\"auto\" style=\"vertical-align: inherit;\"><font dir=\"auto\" style=\"vertical-align: inherit;\"><font dir=\"auto\" style=\"vertical-align: inherit;\"><font dir=\"auto\" style=\"vertical-align: inherit;\">Contamos con un equipo de docentes, profesionales y ministros cristianos comprometidos con una formaci\u00f3n integral, resposable y de excelencia. Todos los formadores que integramos en instituto compartimos una misma base: una vida de fe, una vocaci\u00f3n de servicio, y una formaci\u00f3n acad\u00e9mica y profesional s\u00f3lida en las \u00e1reas que ense\u00f1amos. Esto garantiza procesos educativos serios, \u00e9ticos y contextualizados a las realidades actuales. Nuestro equipo est\u00e1 conformado por educadores, especialistas y l\u00edderes que, adem\u00e1s de su preparaci\u00f3n t\u00e9cnica y pedag\u00f3gica, ejercen su labor desde una cosmovisi\u00f3n cristiana, integrando la palabra de Dios, la ciencia y los valores en cada instancia formativa.&nbsp;<\/font><\/font><\/font><\/font><\/span><\/h4>\n\n\n<h4 style=\"text-align: justify\"><span><font dir=\"auto\" style=\"vertical-align: inherit;\"><font dir=\"auto\" style=\"vertical-align: inherit;\">El instituto de Formaci\u00f3n preservando Generaciones nace con un profundo compromiso hacia las familias, reconoci\u00e9ndolas como el primer y m\u00e1s importante espacio de formaci\u00f3n, contenci\u00f3n, y transmisi\u00f3n de valores. Cada propuesta educativa est\u00e1 pensada para acompa\u00f1ar, fortalecer y orientar a padres,cuidadores, y referentes adultos, brindando herramientas claras, responsables y accesibles para forntar los desaf\u00edos actuales desde una perspectiva cristiana. Nuestro compromiso es caminar junto a las familias, respetando sus tiempos, contextos y procesos, ofreciendo capacitaci\u00f3n, orintaci\u00f3n y acompa\u00f1amiento, con el objetivo de preservar generaciones, edificar hogares firmes y formar adultos que ejerzan su rol con responsabilidad, amor y fe.&nbsp;&nbsp;<\/font><\/font><\/span><\/h4>\n\n\n\n\n\n\n\n\n<h1>Nuestros Servicios<\/h1>\n\n\n\n\n<h2>Capacitaci\u00f3n para Educadores<\/h2>\n<h5>Estos programas est\u00e1n dise\u00f1ados para empoderar a los educadores con herramientas y conocimiento que fomenten un ambiente de aprendizaje saludable y enriquecedor.<\/h5>\n\n\n\n\n<h5>Talleres dirigidos a padres para apoyar su rol en la educaci\u00f3n y formaci\u00f3n de sus hijos, promoviendo valores fundamentales.<\/h5>\n<h2>Talleres para Familias<\/h2>\n\n\n<h2>Cursos de Formaci\u00f3n<\/h2>\n<h5>Cursos estructurados que ofrecen una formaci\u00f3n profunda sobre valores cristianos y desarrollo personal.<\/h5>\n\n\n\n\n\n<h2>Materiales Educativos<\/h2>\n<h5>Libros y recursos digitales disponibles para apoyar el aprendizaje continuo y el desarrollo de habilidades en ni\u00f1os y adolescentes.<\/h5>\n\n\n\n\n<h5>Sesiones de apoyo psicol\u00f3gico para abordar las necesidades emocionales y sociales de los j\u00f3venes.<\/h5>\n<h2>Asesor\u00eda Psicol\u00f3gica<\/h2>\n\n\n<h2>Actividades Recreativas<\/h2>\n<h5>Programas de recreaci\u00f3n y aprendizaje que fomentan la creatividad y el trabajo en equipo entre los j\u00f3venes.<\/h5>\n\n\n\n\n\n\n\n\n\n\n<h1>Conoce a Nuestro Equipo<\/h1>\n\n\n<p><span style=\"font-size: 18px; color: #010101;\">Director Acad\u00e9mico<\/span><\/p>\n\n\n<p><span style=\"font-size: 18px; color: #010101;\">Psic\u00f3loga<\/span><\/p>\n\n\n<p><span style=\"font-size: 18px; color: #010101;\">Coordinadora de Programas<\/span><\/p>\n\n\n<p><span style=\"font-size: 18px; color: #010101;\">Facilitador de Talleres<\/span><\/p>\n\n\n\n\n\n\n\n\n\n\n\n\n\n\n\n\n\n\n\n\n\n\n\n\n<h1>Testimonios de quienes han experimentado nuestro impacto<\/h1>\n\n<h5><span style=\"font-size: 14px\">El Instituto ha marcado una diferencia significativa en la vida de mi hijo. Su crecimiento personal y acad\u00e9mico es notable.<\/span><\/h5>\n<h5><span style=\"font-size: 14px\">Los talleres han sido un recurso incre\u00edble para nuestra familia, proporcion\u00e1ndonos herramientas \u00fatiles.<\/span><\/h5>\n<h5><span style=\"font-size: 14px\">Nuestra comunidad se ha fortalecido gracias a los eventos y actividades del instituto.<\/span><\/h5>\n\n\n\n","protected":false},"excerpt":{"rendered":"","protected":false},"author":1,"featured_media":0,"parent":0,"menu_order":0,"comment_status":"closed","ping_status":"closed","template":"","meta":{"pagelayer_contact_templates":[],"_pagelayer_content":"","footnotes":""},"class_list":["post-85","page","type-page","status-publish","hentry"],"_links":{"self":[{"href":"https:\/\/preservandogeneraciones.org\/index.php?rest_route=\/wp\/v2\/pages\/85","targetHints":{"allow":["GET"]}}],"collection":[{"href":"https:\/\/preservandogeneraciones.org\/index.php?rest_route=\/wp\/v2\/pages"}],"about":[{"href":"https:\/\/preservandogeneraciones.org\/index.php?rest_route=\/wp\/v2\/types\/page"}],"author":[{"embeddable":true,"href":"https:\/\/preservandogeneraciones.org\/index.php?rest_route=\/wp\/v2\/users\/1"}],"replies":[{"embeddable":true,"href":"https:\/\/preservandogeneraciones.org\/index.php?rest_route=%2Fwp%2Fv2%2Fcomments&post=85"}],"version-history":[{"count":6,"href":"https:\/\/preservandogeneraciones.org\/index.php?rest_route=\/wp\/v2\/pages\/85\/revisions"}],"predecessor-version":[{"id":101,"href":"https:\/\/preservandogeneraciones.org\/index.php?rest_route=\/wp\/v2\/pages\/85\/revisions\/101"}],"wp:attachment":[{"href":"https:\/\/preservandogeneraciones.org\/index.php?rest_route=%2Fwp%2Fv2%2Fmedia&parent=85"}],"curies":[{"name":"wp","href":"https:\/\/api.w.org\/{rel}","templated":true}]}}