{"id":83,"date":"2025-10-25T18:44:59","date_gmt":"2025-10-25T18:44:59","guid":{"rendered":"https:\/\/preservandogeneraciones.org\/?page_id=83"},"modified":"2025-10-25T18:44:59","modified_gmt":"2025-10-25T18:44:59","slug":"about","status":"publish","type":"page","link":"https:\/\/preservandogeneraciones.org\/?page_id=83","title":{"rendered":"About"},"content":{"rendered":"\n\n\n<h1>Nuestra Misi\u00f3n y Visi\u00f3n<\/h1>\n\nNos comprometemos a proporcionar un espacio de formaci\u00f3n que fomente el amor, la integridad y el respeto.\n\n\n\n\n\n\n\n\n\n\n\n<h2>Caracter\u00edsticas de Nuestros Servicios<\/h2>\n\n\n<h4 style=\"text-align: left\"><span>Nuestros programas se dise\u00f1an para abordar todas las dimensiones del desarrollo de un ni\u00f1o: espiritual, emocional y acad\u00e9mico.<\/span><\/h4>\n\n\n<h4 style=\"text-align: justify\"><span>Ofrecemos diversas modalidades de cursos y talleres para adaptarnos a las necesidades de cada familia.<\/span><\/h4>\n\n\n\n\n<h4 style=\"text-align: justify\"><span>Utilizamos recursos educativos cuidadosamente seleccionados que reflejan los valores que promovemos.<\/span><\/h4>\n\n\n<h4 style=\"text-align: justify\"><span>Contamos con un equipo de expertos en educaci\u00f3n, psicolog\u00eda y formaci\u00f3n cristiana, comprometidos con la misi\u00f3n del instituto.<\/span><\/h4>\n\n\n<h4 style=\"text-align: justify\"><span>Nos dedicamos a trabajar en colaboraci\u00f3n con familias para asegurar la crianza y educaci\u00f3n efectiva de sus hijos.<\/span><\/h4>\n\n\n\n\n\n\n\n\n\n\n<h1>Preguntas Frecuentes<\/h1>\n\n\n\n\n\nOfrecemos formaci\u00f3n, talleres, asesor\u00eda y materiales educativos para ni\u00f1os y familias.\n\n\n\n\n\n\nPuedes contactarnos a trav\u00e9s del formulario de la p\u00e1gina web o llamarnos directamente.\n\n\n\n\n\n\nNuestros programas est\u00e1n dise\u00f1ados para facilitar el desarrollo integral y el acompa\u00f1amiento personal.\n\n\n\n\n\n\n<h1>Formulario de Contacto<\/h1>\n\n\n\n\n\n\n\n\n\n\n\n\n\n\n\n\n<h1>Conoce a Nuestro Equipo<\/h1>\n\n\n<p><span style=\"font-size: 18px; color: #010101;\">Director Acad\u00e9mico<\/span><\/p>\n\n\n<p><span style=\"font-size: 18px; color: #010101;\">Psic\u00f3loga<\/span><\/p>\n\n\n<p><span style=\"font-size: 18px; color: #010101;\">Coordinadora de Programas<\/span><\/p>\n\n\n<p><span style=\"font-size: 18px; color: #010101;\">Facilitador de Talleres<\/span><\/p>\n\n\n\n\n\n\n\n\n\n\n\n\n\n\n\n\n\n\n\n\n\n\n\n\n<h1>Testimonios de quienes han experimentado nuestro impacto<\/h1>\n\n<h5><span style=\"font-size: 14px\">El Instituto ha marcado una diferencia significativa en la vida de mi hijo. Su crecimiento personal y acad\u00e9mico es notable.<\/span><\/h5>\n<h5><span style=\"font-size: 14px\">Los talleres han sido un recurso incre\u00edble para nuestra familia, proporcion\u00e1ndonos herramientas \u00fatiles.<\/span><\/h5>\n<h5><span style=\"font-size: 14px\">Nuestra comunidad se ha fortalecido gracias a los eventos y actividades del instituto.<\/span><\/h5>\n\n\n","protected":false},"excerpt":{"rendered":"","protected":false},"author":1,"featured_media":0,"parent":0,"menu_order":0,"comment_status":"closed","ping_status":"closed","template":"","meta":{"pagelayer_contact_templates":null,"_pagelayer_content":"","footnotes":""},"class_list":["post-83","page","type-page","status-publish","hentry"],"_links":{"self":[{"href":"https:\/\/preservandogeneraciones.org\/index.php?rest_route=\/wp\/v2\/pages\/83","targetHints":{"allow":["GET"]}}],"collection":[{"href":"https:\/\/preservandogeneraciones.org\/index.php?rest_route=\/wp\/v2\/pages"}],"about":[{"href":"https:\/\/preservandogeneraciones.org\/index.php?rest_route=\/wp\/v2\/types\/page"}],"author":[{"embeddable":true,"href":"https:\/\/preservandogeneraciones.org\/index.php?rest_route=\/wp\/v2\/users\/1"}],"replies":[{"embeddable":true,"href":"https:\/\/preservandogeneraciones.org\/index.php?rest_route=%2Fwp%2Fv2%2Fcomments&post=83"}],"version-history":[{"count":1,"href":"https:\/\/preservandogeneraciones.org\/index.php?rest_route=\/wp\/v2\/pages\/83\/revisions"}],"predecessor-version":[{"id":90,"href":"https:\/\/preservandogeneraciones.org\/index.php?rest_route=\/wp\/v2\/pages\/83\/revisions\/90"}],"wp:attachment":[{"href":"https:\/\/preservandogeneraciones.org\/index.php?rest_route=%2Fwp%2Fv2%2Fmedia&parent=83"}],"curies":[{"name":"wp","href":"https:\/\/api.w.org\/{rel}","templated":true}]}}